{"id":1057,"date":"2022-10-16T20:46:58","date_gmt":"2022-10-16T23:46:58","guid":{"rendered":"https:\/\/fiestanacionaldelchamame.com.ar\/?page_id=1057"},"modified":"2026-01-10T19:06:41","modified_gmt":"2026-01-10T22:06:41","slug":"agenda-2023","status":"publish","type":"page","link":"https:\/\/fiestanacionaldelchamame.com.ar\/?page_id=1057","title":{"rendered":"Agenda 35\u00b0FNCH"},"content":{"rendered":"\n<h1 class=\"wp-block-heading\"><strong>Programaci\u00f3n<\/strong><\/h1>\n\n\n\n<h2 class=\"wp-block-heading\"><strong>S\u00e1bado 10 de enero<\/strong><\/h2>\n\n\n\n<p>La Unidad | Av. 3 de Abril 57<\/p>\n\n\n\n<p>20 hs. Retreta Chamamecera: Banda del Servicio Penitenciario y Banda de la Polic\u00eda de la Provincia + Ballet Oficial de la FNCH<\/p>\n\n\n\n<h2 class=\"wp-block-heading\"><strong>Domingo 11 de enero<\/strong><\/h2>\n\n\n\n<p>10 hs. &#8220;Chamam\u00e9 con Todos&#8221; | Unidad N\u00ba 4 Granja Yatay: Los Guepa Che<\/p>\n\n\n\n<p>Costanera Sur y General Paz<\/p>\n\n\n\n<p>20 hs.&nbsp; Serenata Frente al R\u00edo: Jos\u00e9 \u00c1lvarez Grupo | Voces Che Rajy<\/p>\n\n\n\n<h2 class=\"wp-block-heading\"><strong>Lunes 12 de enero<\/strong><\/h2>\n\n\n\n<p>17 hs. &#8220;Chamam\u00e9 con Todos&#8221; en Hogar de Ancianos \u201cJuana Costa de Chapo\u201d Coquimarola y su conjunto<\/p>\n\n\n\n<h2 class=\"wp-block-heading\"><strong>Martes 13 de enero<\/strong><\/h2>\n\n\n\n<p>18 hs. &#8220;Chamam\u00e9 con Todos&#8221; en Instituto de Cardiolog\u00eda: Bocha Sheridan + Av\u00edo del Alma<\/p>\n\n\n\n<h2 class=\"wp-block-heading\"><strong>Mi\u00e9rcoles 14 de enero<\/strong><\/h2>\n\n\n\n<p>10 hs. &#8220;Chamam\u00e9 con Todos&#8221; en Geri\u00e1trico Nuevo Horizonte: Pablo Delvalle<\/p>\n\n\n\n<h2 class=\"wp-block-heading\"><strong>Jueves 15 de enero<\/strong><\/h2>\n\n\n\n<p>10 hs. &#8220;Chamam\u00e9 con Todos&#8221; en Hospital Pedi\u00e1trico Juan Pablo II: Pablo Delvalle<\/p>\n\n\n\n<p>Plaza Vera a Plaza Cabral<\/p>\n\n\n\n<p>20 hs. Desfile de Fuelles<\/p>\n\n\n\n<h2 class=\"wp-block-heading\"><strong>Viernes 16 de enero<\/strong><\/h2>\n\n\n\n<p>Bienvenida a turistas en Aeropuerto y Terminal de \u00d3mnibus de la ciudad.<\/p>\n\n\n\n<p>10 hs. &#8220;Chamam\u00e9 con Todos&#8221; en Hospital de Salud Mental San Francisco de As\u00eds<\/p>\n\n\n\n<p>Ruta 12 KM 1026<\/p>\n\n\n\n<p>De 21 a 06 hs: Bailanta Pista San Jorge<\/p>\n\n\n\n<h2 class=\"wp-block-heading\"><strong>S\u00e1bado 17 de enero<\/strong><\/h2>\n\n\n\n<p>Ruta 12 KM 1026<\/p>\n\n\n\n<p>21 a 06 hs: Bailanta Pista San Jorge<\/p>\n\n\n\n<p>Bailanta San Cosme<\/p>\n\n\n\n<h2 class=\"wp-block-heading\"><strong>Mi\u00e9rcoles 21 de enero<\/strong><\/h2>\n\n\n\n<p>17 a 20 hs: 1\u00ba Encuentro del Libro y Chamam\u00e9<\/p>\n\n\n\n<p>(4to piso del MACC) | San Juan esquina 9 de Julio<\/p>\n\n\n\n<h2 class=\"wp-block-heading\"><strong>Jueves 22 de enero<\/strong><\/h2>\n\n\n\n<p>17 a 20 hs: 1\u00ba Encuentro del Libro y Chamam\u00e9 (4to piso del MACC)| San Juan esquina 9 de Julio<\/p>\n\n\n\n<h2 class=\"wp-block-heading\"><strong>Viernes 23 de enero<\/strong><\/h2>\n\n\n\n<p>17 a 20 hs: 1\u00ba Encuentro del Libro y Chamam\u00e9 (4to piso del MACC)| | San Juan esquina 9 de Julio<\/p>\n\n\n\n<p>Ruta 12 KM 1026<\/p>\n\n\n\n<p>21 a 06 hs: Bailanta Pista San Jorge<\/p>\n\n\n\n<h2 class=\"wp-block-heading\"><strong>S\u00e1bado 24 de enero<\/strong><\/h2>\n\n\n\n<p>Bailanta Puente Pexoa Riachuelo<\/p>\n\n\n\n<p>Bailanta San Cosme<\/p>\n\n\n\n<h2 class=\"wp-block-heading\"><strong>Domingo 25 de enero<\/strong><\/h2>\n\n\n\n<p>Bailanta Puente Pexoa Riachuelo<\/p>\n\n\n\n<p>Ruta 12 KM 1026<\/p>\n\n\n\n<p>15 a 00 hs: Bailanta Pista San Jorge<\/p>\n\n\n\n<h2 class=\"wp-block-heading\"><strong>Pe\u00f1as oficiales\u00a0<\/strong>: Del 16 al 25 de enero<\/h2>\n\n\n\n<p>3 am. Pe\u00f1a Oficial Bar Estaci\u00f3n Mariscal | Maip\u00fa 2765<\/p>\n\n\n\n<h2 class=\"wp-block-heading\">22, 23, 24 y 25 de enero<\/h2>\n\n\n\n<p>21 hs. Pe\u00f1a Oficial Bar 1588 | Espa\u00f1a esquina Jun\u00edn<\/p>\n","protected":false},"excerpt":{"rendered":"<p>Programaci\u00f3n S\u00e1bado 10 de enero La Unidad | Av. 3 de Abril 57 20 hs. Retreta Chamamecera: Banda del Servicio Penitenciario y Banda de la Polic\u00eda de la Provincia + Ballet Oficial de la FNCH Domingo 11 de enero 10 hs. &#8220;Chamam\u00e9 con Todos&#8221; | Unidad N\u00ba 4 Granja Yatay: Los Guepa Che Costanera Sur&#8230;<\/p>\n","protected":false},"author":1,"featured_media":0,"parent":0,"menu_order":0,"comment_status":"closed","ping_status":"closed","template":"","meta":{"footnotes":""},"class_list":["post-1057","page","type-page","status-publish","hentry"],"_links":{"self":[{"href":"https:\/\/fiestanacionaldelchamame.com.ar\/index.php?rest_route=\/wp\/v2\/pages\/1057","targetHints":{"allow":["GET"]}}],"collection":[{"href":"https:\/\/fiestanacionaldelchamame.com.ar\/index.php?rest_route=\/wp\/v2\/pages"}],"about":[{"href":"https:\/\/fiestanacionaldelchamame.com.ar\/index.php?rest_route=\/wp\/v2\/types\/page"}],"author":[{"embeddable":true,"href":"https:\/\/fiestanacionaldelchamame.com.ar\/index.php?rest_route=\/wp\/v2\/users\/1"}],"replies":[{"embeddable":true,"href":"https:\/\/fiestanacionaldelchamame.com.ar\/index.php?rest_route=%2Fwp%2Fv2%2Fcomments&post=1057"}],"version-history":[{"count":10,"href":"https:\/\/fiestanacionaldelchamame.com.ar\/index.php?rest_route=\/wp\/v2\/pages\/1057\/revisions"}],"predecessor-version":[{"id":1866,"href":"https:\/\/fiestanacionaldelchamame.com.ar\/index.php?rest_route=\/wp\/v2\/pages\/1057\/revisions\/1866"}],"wp:attachment":[{"href":"https:\/\/fiestanacionaldelchamame.com.ar\/index.php?rest_route=%2Fwp%2Fv2%2Fmedia&parent=1057"}],"curies":[{"name":"wp","href":"https:\/\/api.w.org\/{rel}","templated":true}]}}